{"id":4284,"date":"2018-02-19T16:48:21","date_gmt":"2018-02-19T15:48:21","guid":{"rendered":"http:\/\/antoniazziautonoleggio.it\/?page_id=4284"},"modified":"2024-06-27T23:10:16","modified_gmt":"2024-06-27T21:10:16","slug":"noleggiautomezzi","status":"publish","type":"page","link":"https:\/\/antoniazziautonoleggio.it\/?page_id=4284","title":{"rendered":"Noleggio bici elettriche"},"content":{"rendered":"<p>[vc_row row_content_width=&#8221;grid&#8221; disable_background_image=&#8221;&#8221; content_text_aligment=&#8221;center&#8221; simple_background_image=&#8221;4516&#8243;][vc_column]<div class=\"edgtf-elements-holder   edgtf-one-column  edgtf-responsive-mode-768 \" ><div class=\"edgtf-eh-item   edgtf-horizontal-alignment-center \"  data-item-class=\"edgtf-eh-custom-3381\" data-1024-1280=\"146px 0 150px 0\">\n\t<div class=\"edgtf-eh-item-inner\">\n\t\t<div class=\"edgtf-eh-item-content edgtf-eh-custom-3381\" style=\"padding: 216px 0 109px 0\">\n\t\t\t<div class=\"edgtf-section-title-holder paddinganto edgtf-st-standard  edgtf-st-position-left edgtf-appear-fx\" style=\"padding: 0 38%;text-align: center\">\n\t\t<div class=\"edgtf-st-inner\">\n                    <div class=\"edgtf-st-title-holder\">\n                <h4 class=\"edgtf-st-title\" style=\"color: #ffffff\">\n                    ANTONIAZZI AUTONOLEGGIO                <\/h4>\n            <\/div>\n\t\t\t\t\t<\/div>\n    <\/div>[vc_empty_space height=&#8221;20px&#8221;]<h2 class=\"edgtf-custom-font-holder  edgtf-cf-2297  \" style=\"font-size: 74px;line-height: 67px;font-weight: 700;letter-spacing: 1px;text-transform: uppercase;text-align: center;color: #ffffff;margin: -100px 0 0 0\" data-item-class=\"edgtf-cf-2297\" data-font-size-1280=\"67px\" data-font-size-680=\"47px\" data-line-height-1280=\"70px\">\n\tESCURSIONI NATURA E MOVIMENTO ALLA PORTATA DI TUTTI<\/h2>\t\t<\/div>\n\t<\/div>\n<\/div><\/div><div class=\"edgtf-info-boxes-outer clearfix  edgtf-ib-three-columns\">\n\t<div class=\"edgtf-info-boxes-inner\">\n    <div class=\"edgtf-info-boxes-holder boxspazio\">\n        <div class=\"edgtf-ib-inner edgtf-ib-front\" style=\"background-image:url(https:\/\/antoniazziautonoleggio.it\/wp-content\/uploads\/2020\/12\/AdobeStock_341004276-scaled.jpeg)\">\n            <div class=\"edgtf-ib-text-holder\">\n                <div class=\"edgtf-ib-text-inner\">\n\t                \t                \t<h4 class=\"edgtf-ib-title\" style=\"color: #202020\">\n\t                    \tESCURSIONI IN MONTAGNA\t                    <\/h4>\n\t                                <\/div>\n            <\/div>\n        <\/div>\n        <div class=\"edgtf-ib-inner edgtf-ib-back\">\n            <div class=\"edgtf-ib-text-holder\">\n                <div class=\"edgtf-ib-text-inner\">\n\t                \t                \t<h4 class=\"edgtf-ib-title\" style=\"color: #202020\">\n\t                    \tESCURSIONI IN MONTAGNA\t                    <\/h4>\n\t                                                    <p class=\"edgtf-ib-text\" style=\"color: #202020;margin-top: 0px\">Scopri la natura sui percorsi ciclo turistici. Le nostre bici elettriche ti permettono di arrivare sulle vette piu&#039; alte col minimo sforzo e senza inquinare la natura.<\/p>\n                                <\/div>\n            <\/div>\n        <\/div>\n    <\/div>\n<\/div><div class=\"edgtf-info-boxes-inner\">\n    <div class=\"edgtf-info-boxes-holder boxspazio\">\n        <div class=\"edgtf-ib-inner edgtf-ib-front\" style=\"background-image:url(https:\/\/antoniazziautonoleggio.it\/wp-content\/uploads\/2020\/12\/AdobeStock_63498933-scaled.jpeg)\">\n            <div class=\"edgtf-ib-text-holder\">\n                <div class=\"edgtf-ib-text-inner\">\n\t                \t                \t<h4 class=\"edgtf-ib-title\" style=\"color: #020202\">\n\t                    \tGIRI CON LA FAMIGLIA\t                    <\/h4>\n\t                                <\/div>\n            <\/div>\n        <\/div>\n        <div class=\"edgtf-ib-inner edgtf-ib-back\">\n            <div class=\"edgtf-ib-text-holder\">\n                <div class=\"edgtf-ib-text-inner\">\n\t                \t                \t<h4 class=\"edgtf-ib-title\" style=\"color: #020202\">\n\t                    \tGIRI CON LA FAMIGLIA\t                    <\/h4>\n\t                                                    <p class=\"edgtf-ib-text\" style=\"color: #202020;margin-top: 0px\">Organizza la tua gita in citta&#039;. Con le nostre bici puoi sfruttare la piena liberta&#039; di movimento anche nelle ZTL, nel pieno rispetto della natura.<\/p>\n                                <\/div>\n            <\/div>\n        <\/div>\n    <\/div>\n<\/div><div class=\"edgtf-info-boxes-inner\">\n    <div class=\"edgtf-info-boxes-holder boxspazio\">\n        <div class=\"edgtf-ib-inner edgtf-ib-front\" style=\"background-image:url(https:\/\/antoniazziautonoleggio.it\/wp-content\/uploads\/2020\/12\/AdobeStock_184422355-scaled.jpeg)\">\n            <div class=\"edgtf-ib-text-holder\">\n                <div class=\"edgtf-ib-text-inner\">\n\t                \t                \t<h4 class=\"edgtf-ib-title\" >\n\t                    \tGITE FUORI CASA\t                    <\/h4>\n\t                                <\/div>\n            <\/div>\n        <\/div>\n        <div class=\"edgtf-ib-inner edgtf-ib-back\">\n            <div class=\"edgtf-ib-text-holder\">\n                <div class=\"edgtf-ib-text-inner\">\n\t                \t                \t<h4 class=\"edgtf-ib-title\" >\n\t                    \tGITE FUORI CASA\t                    <\/h4>\n\t                                                    <p class=\"edgtf-ib-text\" >Sentieri e percorsi del nostro territorio da scoprire e vivere in compagnia. Fiumi, laghi, montagne e colline da visitare in tutta tranquillit\u00e0.<\/p>\n                                <\/div>\n            <\/div>\n        <\/div>\n    <\/div>\n<\/div><\/div>[\/vc_column][\/vc_row][vc_row][vc_column css=&#8221;.vc_custom_1509375706664{margin-top: 0px !important;}&#8221;]<div class=\"edgtf-separator-holder clearfix  edgtf-separator-center edgtf-separator-full-width\">\n\t<div class=\"edgtf-separator\" style=\"border-color: #000c26;border-style: solid;border-bottom-width: 10px;margin-top: 0px\"><\/div>\n<\/div>\n[\/vc_column][\/vc_row][vc_row row_content_width=&#8221;grid&#8221; css=&#8221;.vc_custom_1518801687229{padding-top: 90px !important;padding-bottom: 88px !important;}&#8221;][vc_column offset=&#8221;vc_col-lg-6 vc_col-md-12 vc_col-xs-12&#8243;]<div class=\"edgtf-elements-holder   edgtf-one-column  edgtf-responsive-mode-768 \" ><div class=\"edgtf-eh-item    \"  data-item-class=\"edgtf-eh-custom-5348\" data-1024-1280=\"0px 0 0 0\" data-768-1024=\"80px 15% 10px 0%\" data-680-768=\"70px 0 0 0\" data-680=\"60px 0 0 0\">\n\t<div class=\"edgtf-eh-item-inner\">\n\t\t<div class=\"edgtf-eh-item-content edgtf-eh-custom-5348\" style=\"padding: 0px 0 0 0\">\n\t\t\t<div class=\"edgtf-section-title-holder  edgtf-st-square edgtf-st-disable-title-break edgtf-st-position-left \" >\n\t        <div class=\"edgtf-st-square-holder\" style=\"color: #f2f3f4\">\n            <span class=\"line-top\"><\/span>\n            <span class=\"line-right\"><\/span>\n            <span class=\"line-bottom\"><\/span>\n            <span class=\"line-left\"><\/span>\n            <span class=\"line-mask\" ><\/span>\n    \t<div class=\"edgtf-st-inner\">\n                    <div class=\"edgtf-st-title-holder\">\n                <h2 class=\"edgtf-st-title\" style=\"color: #202020\">\n                    IL NOLEGGIO<br \/> BICI ELETTRICHE PER TUTTE LE ESIGENZE                <\/h2>\n            <\/div>\n\t\t\t\t\t<\/div>\n                <\/div>\n    <\/div>\t\t<\/div>\n\t<\/div>\n<\/div><\/div><div class=\"edgtf-elements-holder   edgtf-one-column  edgtf-responsive-mode-768 \" ><div class=\"edgtf-eh-item    \"  data-item-class=\"edgtf-eh-custom-7677\" data-1024-1280=\"0 0% 0 2%\" data-768-1024=\"0 32% 12px 2%\" data-680=\"0 0% 6px 16%\">\n\t<div class=\"edgtf-eh-item-inner\">\n\t\t<div class=\"edgtf-eh-item-content edgtf-eh-custom-7677\" style=\"padding: 0 0% 0 1%\">\n\t\t\t[vc_column_text css=&#8221;.vc_custom_1606818517513{padding-left: 13% !important;}&#8221;]<\/p>\n<section class=\"elementor-section elementor-top-section elementor-element elementor-element-4321713f elementor-section-full_width elementor-section-height-default elementor-section-height-default\" data-particle_enable=\"false\" data-particle-mobile-disabled=\"false\" data-id=\"4321713f\" data-element_type=\"section\" data-settings=\"{&quot;background_background&quot;:&quot;classic&quot;}\">\n<div class=\"elementor-container elementor-column-gap-default\">\n<div class=\"elementor-row\">\n<div class=\"elementor-column elementor-col-100 elementor-top-column elementor-element elementor-element-23929589\" data-id=\"23929589\" data-element_type=\"column\" data-settings=\"{&quot;background_background&quot;:&quot;classic&quot;}\">\n<div class=\"elementor-column-wrap elementor-element-populated\">\n<div class=\"elementor-widget-wrap\">\n<div class=\"elementor-element elementor-element-29619d9e elementor-widget elementor-widget-text-editor\" data-id=\"29619d9e\" data-element_type=\"widget\" data-widget_type=\"text-editor.default\">\n<div class=\"elementor-widget-container\">\n<div class=\"elementor-text-editor elementor-clearfix\">\n<p>Cosa c&#8217;\u00e8 di meglio di una giornata passata all&#8217;aperto facendo un po&#8217; di movimento? Per staccare dallo stress e dalla routine, organizza un&#8217;escursione in bici, magari in compagnia, visitando le molteplici mete a disposizione nel nostro territorio, percorsi naturalistici e luoghi suggestivi da visitare.<\/p>\n<p>Con le nostre bici, puoi concederti il piacere di andare in giro e conoscere luoghi nuovi, raggiungere posti e mete senza fare troppa fatica.<\/p>\n<p>Chiamaci per saperne di pi\u00f9 e prenotare la consegna della tue e-bike a noleggio.<\/p>\n<\/div>\n<\/div>\n<\/div>\n<\/div>\n<\/div>\n<\/div>\n<\/div>\n<\/div>\n<\/section>\n<p>[\/vc_column_text]\t\t<\/div>\n\t<\/div>\n<\/div><\/div>[\/vc_column][\/vc_row][vc_row disable_background_image=&#8221;&#8221; simple_background_image=&#8221;294&#8243;][vc_column][vc_row_inner][vc_column_inner]<div class=\"edgtf-portfolio-section-holder \" >\n\t<div class=\"edgtf-portfolio-section-holder-inner\">\n\t\t<article class=\"edgtf-section-item\">\n\t<div class=\"edgtf-section-item-inner\" >\n\t\t\t\t\t<div class=\"edgtf-grid\">\n\t\t\t\t\t<div class=\"edgtf-section-item-table\">\n\t\t\t\t<div class=\"edgtf-section-item-table-cell edgtf-section-item-title\">\n\t\t\t\t\t\t<h4 itemprop=\"name\" class=\"edgtf-pli-title entry-title\" >\n\t\tVENEZIA IN BICI\t<\/h4>\n\t\t\t\t<\/div>\n\t\t\t\t<div class=\"edgtf-section-item-table-cell edgtf-section-item-category\">\n\t\t\t\t\t\t\t<div class=\"edgtf-pli-category-holder\">\n\t\t\t\t\t\t\t<a itemprop=\"url\" class=\"edgtf-pli-category\" href=\"https:\/\/antoniazziautonoleggio.it\/?portfolio-category=percorsi-ciclo-turistici-venezia\">ESCURSIONI IN BICI<\/a>\n\t\t\t\t\t<\/div>\n\t\t\t\t\t<\/div>\n\t\t\t\t<div class=\"edgtf-section-item-table-cell edgtf-section-item-read-more\">\n\t\t\t\t\t<a itemprop=\"url\" href=\"https:\/\/antoniazziautonoleggio.it\/?portfolio-item=venezia-in-bicicletta\" target=\"_self\" style=\"text-transform: capitalize\" class=\"edgtf-btn edgtf-btn-large edgtf-btn-simple edgtf-btn-with-arrow\"  >            <span class=\"edgtf-btn-text\">View Project<\/span>            <span class=\"edgtf-btn-arrow\">            <svg version=\"1.1\" id=\"btn-arrow-1993314648\" xmlns=\"http:\/\/www.w3.org\/2000\/svg\" xmlns:xlink=\"http:\/\/www.w3.org\/1999\/xlink\" x=\"0px\" y=\"0px\"                 width=\"18px\" height=\"4px\" viewBox=\"0 0 18 4\" enable-background=\"new 0 0 18 4\" xml:space=\"preserve\">            \t<polyline fill=\"none\" stroke=\"#323232\" stroke-miterlimit=\"10\" points=\"0,3.508 16.809,3.508 13.686,0.342 \"\/>            <\/svg>        <\/span>    <\/a>\t\t\t\t<\/div>\n\t\t\t<\/div>\n\t\t\t\n\t\t\t\t\t<\/div>\n\t\t\t\t<a itemprop=\"url\" class=\"edgtf-section-link edgtf-block-drag-link\" href=\"https:\/\/antoniazziautonoleggio.it\/?portfolio-item=venezia-in-bicicletta\" target=\"_self\"><\/a>\n\t<\/div>\n<\/article><article class=\"edgtf-section-item\">\n\t<div class=\"edgtf-section-item-inner\" >\n\t\t\t\t\t<div class=\"edgtf-grid\">\n\t\t\t\t\t<div class=\"edgtf-section-item-table\">\n\t\t\t\t<div class=\"edgtf-section-item-table-cell edgtf-section-item-title\">\n\t\t\t\t\t\t<h4 itemprop=\"name\" class=\"edgtf-pli-title entry-title\" >\n\t\tDOLOMITI IN BICI\t<\/h4>\n\t\t\t\t<\/div>\n\t\t\t\t<div class=\"edgtf-section-item-table-cell edgtf-section-item-category\">\n\t\t\t\t\t\t\t<div class=\"edgtf-pli-category-holder\">\n\t\t\t\t\t\t\t<a itemprop=\"url\" class=\"edgtf-pli-category\" href=\"https:\/\/antoniazziautonoleggio.it\/?portfolio-category=percorsi-ciclo-turistici-venezia\">ESCURSIONI IN BICI<\/a>\n\t\t\t\t\t<\/div>\n\t\t\t\t\t<\/div>\n\t\t\t\t<div class=\"edgtf-section-item-table-cell edgtf-section-item-read-more\">\n\t\t\t\t\t<a itemprop=\"url\" href=\"https:\/\/antoniazziautonoleggio.it\/?portfolio-item=dolomiti-in-bici\" target=\"_self\" style=\"text-transform: capitalize\" class=\"edgtf-btn edgtf-btn-large edgtf-btn-simple edgtf-btn-with-arrow\"  >            <span class=\"edgtf-btn-text\">View Project<\/span>            <span class=\"edgtf-btn-arrow\">            <svg version=\"1.1\" id=\"btn-arrow-1361697049\" xmlns=\"http:\/\/www.w3.org\/2000\/svg\" xmlns:xlink=\"http:\/\/www.w3.org\/1999\/xlink\" x=\"0px\" y=\"0px\"                 width=\"18px\" height=\"4px\" viewBox=\"0 0 18 4\" enable-background=\"new 0 0 18 4\" xml:space=\"preserve\">            \t<polyline fill=\"none\" stroke=\"#323232\" stroke-miterlimit=\"10\" points=\"0,3.508 16.809,3.508 13.686,0.342 \"\/>            <\/svg>        <\/span>    <\/a>\t\t\t\t<\/div>\n\t\t\t<\/div>\n\t\t\t\n\t\t\t\t\t<\/div>\n\t\t\t\t<a itemprop=\"url\" class=\"edgtf-section-link edgtf-block-drag-link\" href=\"https:\/\/antoniazziautonoleggio.it\/?portfolio-item=dolomiti-in-bici\" target=\"_self\"><\/a>\n\t<\/div>\n<\/article><article class=\"edgtf-section-item\">\n\t<div class=\"edgtf-section-item-inner\" >\n\t\t\t\t\t<div class=\"edgtf-grid\">\n\t\t\t\t\t<div class=\"edgtf-section-item-table\">\n\t\t\t\t<div class=\"edgtf-section-item-table-cell edgtf-section-item-title\">\n\t\t\t\t\t\t<h4 itemprop=\"name\" class=\"edgtf-pli-title entry-title\" >\n\t\tAL MARE IN BICI\t<\/h4>\n\t\t\t\t<\/div>\n\t\t\t\t<div class=\"edgtf-section-item-table-cell edgtf-section-item-category\">\n\t\t\t\t\t\t\t<div class=\"edgtf-pli-category-holder\">\n\t\t\t\t\t\t\t<a itemprop=\"url\" class=\"edgtf-pli-category\" href=\"https:\/\/antoniazziautonoleggio.it\/?portfolio-category=percorsi-ciclo-turistici-venezia\">ESCURSIONI IN BICI<\/a>\n\t\t\t\t\t<\/div>\n\t\t\t\t\t<\/div>\n\t\t\t\t<div class=\"edgtf-section-item-table-cell edgtf-section-item-read-more\">\n\t\t\t\t\t<a itemprop=\"url\" href=\"https:\/\/antoniazziautonoleggio.it\/?portfolio-item=4796\" target=\"_self\" style=\"text-transform: capitalize\" class=\"edgtf-btn edgtf-btn-large edgtf-btn-simple edgtf-btn-with-arrow\"  >            <span class=\"edgtf-btn-text\">View Project<\/span>            <span class=\"edgtf-btn-arrow\">            <svg version=\"1.1\" id=\"btn-arrow-1426385983\" xmlns=\"http:\/\/www.w3.org\/2000\/svg\" xmlns:xlink=\"http:\/\/www.w3.org\/1999\/xlink\" x=\"0px\" y=\"0px\"                 width=\"18px\" height=\"4px\" viewBox=\"0 0 18 4\" enable-background=\"new 0 0 18 4\" xml:space=\"preserve\">            \t<polyline fill=\"none\" stroke=\"#323232\" stroke-miterlimit=\"10\" points=\"0,3.508 16.809,3.508 13.686,0.342 \"\/>            <\/svg>        <\/span>    <\/a>\t\t\t\t<\/div>\n\t\t\t<\/div>\n\t\t\t\n\t\t\t\t\t<\/div>\n\t\t\t\t<a itemprop=\"url\" class=\"edgtf-section-link edgtf-block-drag-link\" href=\"https:\/\/antoniazziautonoleggio.it\/?portfolio-item=4796\" target=\"_self\"><\/a>\n\t<\/div>\n<\/article>\t<\/div>\n\t<div class=\"edgtf-portfolio-section-image-holder\">\n\t\t<div class=\"edgtf-image-url-holder-inner\">\n\t<div class=\"edgtf-image-url\" style=\"background-image: url(https:\/\/antoniazziautonoleggio.it\/wp-content\/uploads\/2020\/10\/DSC0123-copia-scaled.jpg)\"><\/div>\n<\/div><div class=\"edgtf-image-url-holder-inner\">\n\t<div class=\"edgtf-image-url\" style=\"background-image: url(https:\/\/antoniazziautonoleggio.it\/wp-content\/uploads\/2020\/11\/AdobeStock_90139033-scaled.jpeg)\"><\/div>\n<\/div><div class=\"edgtf-image-url-holder-inner\">\n\t<div class=\"edgtf-image-url\" style=\"background-image: url()\"><\/div>\n<\/div>\t<\/div>\n<\/div>[\/vc_column_inner][\/vc_row_inner][\/vc_column][\/vc_row][vc_row row_content_width=&#8221;grid&#8221; css=&#8221;.vc_custom_1511518243119{padding-top: 75px !important;padding-bottom: 74px !important;}&#8221;][vc_column]<div class=\"edgtf-elements-holder   edgtf-two-columns  edgtf-responsive-mode-768 \" ><div class=\"edgtf-eh-item    \"  data-item-class=\"edgtf-eh-custom-3987\" data-680-768=\"15px 0 22px 0\" data-680=\"17px 0 13px 0\">\n\t<div class=\"edgtf-eh-item-inner\">\n\t\t<div class=\"edgtf-eh-item-content edgtf-eh-custom-3987\" style=\"padding: 0 0 20px 0\">\n\t\t\t<div class=\"edgtf-section-title-holder  edgtf-st-standard  edgtf-st-position-left edgtf-appear-fx\" style=\"padding: 0 0%\">\n\t\t<div class=\"edgtf-st-inner\">\n                    <div class=\"edgtf-st-title-holder\">\n                <h2 class=\"edgtf-st-title\" style=\"color: #202020\">\n                    CONTATTATECI                <\/h2>\n            <\/div>\n\t\t\t\t\t<\/div>\n    <\/div>[vc_empty_space]<div class=\"edgtf-icon-list-holder \" style=\"margin-bottom: 20px\">\n\t<div class=\"edgtf-il-icon-holder\">\n\t\t<i class=\"edgtf-icon-linea-icon icon-basic-headset \" style=\"color: #202020;font-size: 21px\"><\/i>\t<\/div>\n\t<p class=\"edgtf-il-text\" style=\"color: #202020;font-size: 16px;padding-left: 32px\">Contatto telefonico +39 333 6162157 ( voice, SMS, WhatsApp )<\/p>\n<\/div><div class=\"edgtf-icon-list-holder \" style=\"margin-bottom: 20px\">\n\t<div class=\"edgtf-il-icon-holder\">\n\t\t<i class=\"edgtf-icon-linea-icon icon-basic-mail-open \" style=\"color: #202020;font-size: 21px\"><\/i>\t<\/div>\n\t<p class=\"edgtf-il-text\" style=\"color: #202020;font-size: 16px;padding-left: 32px\">Indirizzo Mail: s.foltran@libero.it<\/p>\n<\/div><div class=\"edgtf-icon-list-holder \" style=\"margin-bottom: 20px\">\n\t<div class=\"edgtf-il-icon-holder\">\n\t\t<i class=\"edgtf-icon-linea-icon icon-basic-smartphone \" style=\"color: #202020;font-size: 21px\"><\/i>\t<\/div>\n\t<p class=\"edgtf-il-text\" style=\"color: #202020;font-size: 16px;padding-left: 32px\">Telefono secondario +39 336 667910<\/p>\n<\/div>\t\t<\/div>\n\t<\/div>\n<\/div><div class=\"edgtf-eh-item    \"  data-item-class=\"edgtf-eh-custom-2388\">\n\t<div class=\"edgtf-eh-item-inner\">\n\t\t<div class=\"edgtf-eh-item-content edgtf-eh-custom-2388\" style=\"padding: 3px 0 0 0\">\n\t\t\t<div role=\"form\" class=\"wpcf7\" id=\"wpcf7-f4365-o1\" lang=\"en-US\" dir=\"ltr\">\n<div class=\"screen-reader-response\" role=\"alert\" aria-live=\"polite\"><\/div>\n<form action=\"\/index.php?rest_route=%2Fwp%2Fv2%2Fpages%2F4284#wpcf7-f4365-o1\" method=\"post\" class=\"wpcf7-form init\" novalidate=\"novalidate\">\n<div style=\"display: none;\">\n<input type=\"hidden\" name=\"_wpcf7\" value=\"4365\" \/>\n<input type=\"hidden\" name=\"_wpcf7_version\" value=\"5.2.2\" \/>\n<input type=\"hidden\" name=\"_wpcf7_locale\" value=\"en_US\" \/>\n<input type=\"hidden\" name=\"_wpcf7_unit_tag\" value=\"wpcf7-f4365-o1\" \/>\n<input type=\"hidden\" name=\"_wpcf7_container_post\" value=\"0\" \/>\n<input type=\"hidden\" name=\"_wpcf7_posted_data_hash\" value=\"\" \/>\n<\/div>\n<div class=\"edgt-cf7-wrapper edgtf-custom-form\">\n<div class=\"edgtf-grid-row\">\n<div class=\"edgtf-grid-col-12\"><span class=\"wpcf7-form-control-wrap your-name\"><input type=\"text\" name=\"your-name\" value=\"\" size=\"40\" class=\"wpcf7-form-control wpcf7-text wpcf7-validates-as-required\" aria-required=\"true\" aria-invalid=\"false\" placeholder=\"Nome o Ragione Sociale \/ Name*\" \/><\/span><\/div>\n<\/div>\n<div class=\"edgtf-grid-row\">\n<div class=\"edgtf-grid-col-12\"><span class=\"wpcf7-form-control-wrap your-email\"><input type=\"text\" name=\"your-email\" value=\"\" size=\"40\" class=\"wpcf7-form-control wpcf7-text wpcf7-validates-as-required\" aria-required=\"true\" aria-invalid=\"false\" placeholder=\"Indirizzo Mail \/ Email Address*\" \/><\/span><\/div>\n<\/div>\n<div class=\"edgtf-grid-row\">\n<div class=\"edgtf-grid-col-12\"><span class=\"wpcf7-form-control-wrap your-subject\"><input type=\"text\" name=\"your-subject\" value=\"\" size=\"40\" class=\"wpcf7-form-control wpcf7-text wpcf7-validates-as-required\" aria-required=\"true\" aria-invalid=\"false\" placeholder=\"Richiesta-Messaggio \/ Request-Message\" \/><\/span><\/div>\n<\/div>\n<div class=\"edgtf-grid-row\">\n<div class=\"edgtf-grid-col-12\"><span class=\"wpcf7-form-control-wrap your-message\"><textarea name=\"your-message\" cols=\"40\" rows=\"6\" class=\"wpcf7-form-control wpcf7-textarea\" aria-invalid=\"false\" placeholder=\"Messaggio \/ Message\"><\/textarea><\/span><\/div>\n<\/div>\n<div class=\"edgtf-grid-row\">\n<div class=\"edgtf-grid-col-12\">Tipo di richiesta:<\/div>\n<div class=\"edgtf-grid-col-12\"><span class=\"wpcf7-form-control-wrap menu-301\"><select name=\"menu-301\" class=\"wpcf7-form-control wpcf7-select wpcf7-validates-as-required\" aria-required=\"true\" aria-invalid=\"false\"><option value=\"Seleziona una voce\">Seleziona una voce<\/option><option value=\"Informazioni\">Informazioni<\/option><option value=\"Prenotazione\">Prenotazione<\/option><\/select><\/span><\/div>\n<\/div>\n<div class=\"edgtf-grid-row\">\n<div class=\"edgtf-grid-col-12\">    da data <span class=\"wpcf7-form-control-wrap date-120\"><input type=\"date\" name=\"date-120\" value=\"\" class=\"wpcf7-form-control wpcf7-date wpcf7-validates-as-date\" aria-invalid=\"false\" \/><\/span> a data <span class=\"wpcf7-form-control-wrap date-121\"><input type=\"date\" name=\"date-121\" value=\"\" class=\"wpcf7-form-control wpcf7-date wpcf7-validates-as-date\" aria-invalid=\"false\" \/><\/span> <\/div>\n<\/div>\n<div class=\"edgtf-grid-row\">\n<div class=\"edgtf-grid-col-12\">\n<span class=\"wpcf7-form-control-wrap textarea-739\"><textarea name=\"textarea-739\" cols=\"40\" rows=\"10\" class=\"wpcf7-form-control wpcf7-textarea wpcf7-validates-as-required\" aria-required=\"true\" aria-invalid=\"false\">INFORMATIVA AI SENSI DELL&#039;ART. 13 DEL D. Lgs 30.6.2003 n.196. Si informa il sottoscrittore della presente che il decreto legislativo n. 196\/2003 prevede la tutela delle persone e di altri soggetti rispetto al trattamento dei dati personali. Secondo le leggi indicate, tale trattamento sar\u00e0 improntato ai principi di correttezza, liceit\u00e0 e trasparenza tutelando la riservatezza e i diritti del sottoscrittore. Le seguenti informazioni vengono fornite ai sensi dell&#039;articolo 13 del decreto legislativo n. 196\/2003. Il trattamento che intendiamo effettuare: a) ha la finalit\u00e0 di concludere, gestire ed eseguire i contratti di fornitura dei servizi che si potranno richiedere compilando il presente modulo; di organizzare, gestire ed eseguire la fornitura dei servizi anche mediante comunicazione dei dati a terzi nostri fornitori; di assolvere agli obblighi di legge o agli altri adempimenti richiesti dalle competenti Autorit\u00e0; b) sar\u00e0 effettuato con le seguenti modalit\u00e0: informatizzato\/manuale; c) salvo quanto strettamente necessario per la corretta esecuzione del contratto di fornitura, i dati non saranno comunicati ad altri soggetti, se non chiedendoLe espressamente il consenso. Informiamo ancora che la comunicazione dei dati \u00e8 indispensabile ma non obbligatoria e l&#039;eventuale rifiuto non ha alcuna conseguenza ma potrebbe comportare il mancato puntuale adempimento delle obbligazioni assunte da V.ANTONIAZZI s.r.l. per la fornitura del servizio da Lei richiesto. Il titolare del trattamento \u00e8 V.ANTONIAZZI s.r.l. con sede legale in VIA ZANZOTTO, 28\/17 - 31053 - Pieve di Soligo (TV). Ai sensi dell\u2019art. 7 del decreto legislativo n. 196\/2003, i soggetti cui si riferiscono i dati personali hanno il diritto in qualunque momento di ottenere la conferma dell\u2019esistenza o meno dei medesimi dati, di conoscerne il contenuto e l\u2019origine, verificarne l\u2019esattezza o chiederne l\u2019integrazione, l\u2019aggiornamento o la rettificazione, chiederne la cancellazione, la trasformazione in forma anonima o il blocco dei dati trattati in violazione di legge, nonch\u00e9 di opporsi in ogni caso, per motivi legittimi, al loro trattamento. Le richieste in questione vanno rivolte al titolare del trattamento.<\/textarea><\/span><\/div>\n<div class=\"edgtf-grid-col-12\">   Accetta informativa <span class=\"wpcf7-form-control-wrap acceptance-757\"><span class=\"wpcf7-form-control wpcf7-acceptance\"><span class=\"wpcf7-list-item\"><input type=\"checkbox\" name=\"acceptance-757\" value=\"1\" aria-invalid=\"false\" checked=\"checked\" \/><\/span><\/span><\/span><\/div>\n<\/div>\n<p><br\/><\/p>\n<div class=\"edgtf-grid-col-12\"><input type=\"submit\" value=\"INVIA \/ SPEDISCI \/ SEND\" class=\"wpcf7-form-control wpcf7-submit\" \/><\/div>\n<\/div>\n<div class=\"wpcf7-response-output\" role=\"alert\" aria-hidden=\"true\"><\/div><\/form><\/div>\t\t<\/div>\n\t<\/div>\n<\/div><\/div>[\/vc_column][\/vc_row]<\/p>\n","protected":false},"excerpt":{"rendered":"<p>[vc_row row_content_width=&#8221;grid&#8221; disable_background_image=&#8221;&#8221; content_text_aligment=&#8221;center&#8221; simple_background_image=&#8221;4516&#8243;][vc_column][\/vc_column][\/vc_row][vc_row][vc_column css=&#8221;.vc_custom_1509375706664{margin-top: 0px !important;}&#8221;][\/vc_column][\/vc_row][vc_row row_content_width=&#8221;grid&#8221; css=&#8221;.vc_custom_1518801687229{padding-top: 90px !important;padding-bottom: 88px !important;}&#8221;][vc_column offset=&#8221;vc_col-lg-6 vc_col-md-12 vc_col-xs-12&#8243;][\/vc_column][\/vc_row][vc_row disable_background_image=&#8221;&#8221; simple_background_image=&#8221;294&#8243;][vc_column][vc_row_inner][vc_column_inner][\/vc_column_inner][\/vc_row_inner][\/vc_column][\/vc_row][vc_row row_content_width=&#8221;grid&#8221; css=&#8221;.vc_custom_1511518243119{padding-top: 75px !important;padding-bottom: 74px !important;}&#8221;][vc_column][\/vc_column][\/vc_row]<\/p>\n","protected":false},"author":1,"featured_media":0,"parent":0,"menu_order":0,"comment_status":"closed","ping_status":"closed","template":"full-width.php","meta":[],"_links":{"self":[{"href":"https:\/\/antoniazziautonoleggio.it\/index.php?rest_route=\/wp\/v2\/pages\/4284"}],"collection":[{"href":"https:\/\/antoniazziautonoleggio.it\/index.php?rest_route=\/wp\/v2\/pages"}],"about":[{"href":"https:\/\/antoniazziautonoleggio.it\/index.php?rest_route=\/wp\/v2\/types\/page"}],"author":[{"embeddable":true,"href":"https:\/\/antoniazziautonoleggio.it\/index.php?rest_route=\/wp\/v2\/users\/1"}],"replies":[{"embeddable":true,"href":"https:\/\/antoniazziautonoleggio.it\/index.php?rest_route=%2Fwp%2Fv2%2Fcomments&post=4284"}],"version-history":[{"count":33,"href":"https:\/\/antoniazziautonoleggio.it\/index.php?rest_route=\/wp\/v2\/pages\/4284\/revisions"}],"predecessor-version":[{"id":5071,"href":"https:\/\/antoniazziautonoleggio.it\/index.php?rest_route=\/wp\/v2\/pages\/4284\/revisions\/5071"}],"wp:attachment":[{"href":"https:\/\/antoniazziautonoleggio.it\/index.php?rest_route=%2Fwp%2Fv2%2Fmedia&parent=4284"}],"curies":[{"name":"wp","href":"https:\/\/api.w.org\/{rel}","templated":true}]}}